{"id":57,"date":"2018-02-09T15:44:59","date_gmt":"2018-02-09T15:44:59","guid":{"rendered":"http:\/\/www.utn.edu.ec\/fecyt\/carreras\/educacioninicial\/?page_id=57"},"modified":"2019-08-07T16:45:46","modified_gmt":"2019-08-07T16:45:46","slug":"redes-academicas","status":"publish","type":"page","link":"https:\/\/educacioninicial.utn.edu.ec\/index.php\/gestion-academica\/redes-academicas\/","title":{"rendered":"Redes acad\u00e9micas"},"content":{"rendered":"<p><span style=\"color: #ff0000;\"><strong>Carrera de Educaci\u00f3n Inicial<\/strong><\/span><\/p>\n<p>La Carrera pertenece a la Red de Carreras de Educaci\u00f3n Inicial del Ecuador y tambi\u00e9n esta adjunta a la Red de Investigaci\u00f3n en la Primera Infancia.<\/p>\n<p><img loading=\"lazy\" decoding=\"async\" class=\"alignnone wp-image-457\" src=\"https:\/\/www.utn.edu.ec\/fecyt\/carreras\/educacioninicial\/wp-content\/uploads\/2019\/08\/logo-de-la-red-300x64.png\" alt=\"\" width=\"466\" height=\"165\" \/><\/p>\n<h4 style=\"background: white; margin: 0cm 0cm 11.25pt 0cm;\"><span style=\"color: #ff0000;\">Carrera Docencia en Educaci\u00f3n Parvularia (carrera no vigente habilitada para registro de t\u00edtulos)<\/span><\/h4>\n<p>No aplica por ser carrera de programa semi presencial<\/p>\n","protected":false},"excerpt":{"rendered":"<p>Carrera de Educaci\u00f3n Inicial La Carrera pertenece a la Red de Carreras de Educaci\u00f3n Inicial del Ecuador y tambi\u00e9n esta adjunta a la Red de Investigaci\u00f3n en la Primera Infancia. Carrera Docencia en Educaci\u00f3n Parvularia (carrera no vigente habilitada para <a href=\"https:\/\/educacioninicial.utn.edu.ec\/index.php\/gestion-academica\/redes-academicas\/\" class=\"read-more\">Leer m\u00e1s&#8230;<\/a><\/p>\n","protected":false},"author":1,"featured_media":0,"parent":12,"menu_order":0,"comment_status":"closed","ping_status":"closed","template":"","meta":{"footnotes":""},"class_list":["post-57","page","type-page","status-publish","hentry"],"_links":{"self":[{"href":"https:\/\/educacioninicial.utn.edu.ec\/index.php\/wp-json\/wp\/v2\/pages\/57","targetHints":{"allow":["GET"]}}],"collection":[{"href":"https:\/\/educacioninicial.utn.edu.ec\/index.php\/wp-json\/wp\/v2\/pages"}],"about":[{"href":"https:\/\/educacioninicial.utn.edu.ec\/index.php\/wp-json\/wp\/v2\/types\/page"}],"author":[{"embeddable":true,"href":"https:\/\/educacioninicial.utn.edu.ec\/index.php\/wp-json\/wp\/v2\/users\/1"}],"replies":[{"embeddable":true,"href":"https:\/\/educacioninicial.utn.edu.ec\/index.php\/wp-json\/wp\/v2\/comments?post=57"}],"version-history":[{"count":5,"href":"https:\/\/educacioninicial.utn.edu.ec\/index.php\/wp-json\/wp\/v2\/pages\/57\/revisions"}],"predecessor-version":[{"id":575,"href":"https:\/\/educacioninicial.utn.edu.ec\/index.php\/wp-json\/wp\/v2\/pages\/57\/revisions\/575"}],"up":[{"embeddable":true,"href":"https:\/\/educacioninicial.utn.edu.ec\/index.php\/wp-json\/wp\/v2\/pages\/12"}],"wp:attachment":[{"href":"https:\/\/educacioninicial.utn.edu.ec\/index.php\/wp-json\/wp\/v2\/media?parent=57"}],"curies":[{"name":"wp","href":"https:\/\/api.w.org\/{rel}","templated":true}]}}